{"id":1449,"date":"2015-08-30T18:35:50","date_gmt":"2015-08-30T16:35:50","guid":{"rendered":"http:\/\/www.foerderverein-hdb.de\/?page_id=1449"},"modified":"2023-06-14T13:32:59","modified_gmt":"2023-06-14T11:32:59","slug":"kleinkunst","status":"publish","type":"page","link":"http:\/\/www.foerderverein-hdb.de\/?page_id=1449","title":{"rendered":"Kleinkunst"},"content":{"rendered":"<p>Eins bis zwei Mal im Jahr bietet der F\u00f6rderverein Haus der Begegnung auch Kleinkunstabende an.<br \/>Dazu nutzen wir das Foyer oder den Raum Altk\u00f6nig im Erdgeschoss. Der Raum Altk\u00f6nig hat mit der direkt angeschlossene Terrasse in der warmen Jahreszeit die sch\u00f6ne M\u00f6glichkeit, in der Pause dort das Catering zu genie\u00dfen. Wenn wir im Foyer veranstalten, k\u00f6nnen wir im Sommer auch die Eingangs-Au\u00dfenfl\u00e4che einsetzen.<\/p>\r\n<p><strong>Sonntag 2. Juli 2023, 17:00 Uhr, Raum Altk\u00f6nig<br \/><\/strong><\/p>\r\n<h1><span style=\"font-size: 18pt;\">Kuss und Umarmung, Deine Hildegard von Bingen<\/span><\/h1>\r\n<p style=\"text-align: justify;\"><span style=\"font-size: 12pt;\">eine Ann\u00e4herung in Wort, Musik und Bild an die Ber\u00fchmtheit des <\/span><span style=\"font-size: 12pt;\">Mittelalters<\/span><br \/><span style=\"font-size: 12pt;\">von und mit Cordula Sauter<\/span><\/p>\r\n<p style=\"text-align: justify;\"><img decoding=\"async\" loading=\"lazy\" class=\"size-full wp-image-2176\" src=\"http:\/\/www.foerderverein-hdb.de\/wp-content\/uploads\/2023\/04\/013CordulaSauter_FotoAchimKeller-scaled.jpg\" alt=\"\" width=\"1706\" height=\"2560\" srcset=\"http:\/\/www.foerderverein-hdb.de\/wp-content\/uploads\/2023\/04\/013CordulaSauter_FotoAchimKeller-scaled.jpg 1706w, http:\/\/www.foerderverein-hdb.de\/wp-content\/uploads\/2023\/04\/013CordulaSauter_FotoAchimKeller-200x300.jpg 200w, http:\/\/www.foerderverein-hdb.de\/wp-content\/uploads\/2023\/04\/013CordulaSauter_FotoAchimKeller-682x1024.jpg 682w, http:\/\/www.foerderverein-hdb.de\/wp-content\/uploads\/2023\/04\/013CordulaSauter_FotoAchimKeller-768x1153.jpg 768w, http:\/\/www.foerderverein-hdb.de\/wp-content\/uploads\/2023\/04\/013CordulaSauter_FotoAchimKeller-1023x1536.jpg 1023w, http:\/\/www.foerderverein-hdb.de\/wp-content\/uploads\/2023\/04\/013CordulaSauter_FotoAchimKeller-1364x2048.jpg 1364w\" sizes=\"(max-width: 1706px) 100vw, 1706px\" \/><span style=\"font-size: 12pt;\">Es ist ungew\u00f6hnlich, wenn die Gedanken und das Leben einer Frau, die vor 900 Jahren gelebt hat, unser Leben heute noch bewegen. Bei Hildegard von Bingen (1098 \u2013 1179) ist das der Fall. Als zehntes Kind in eine adelige Familie geboren, erhielt sie schon fr\u00fch Bildung und wurde mit 38 Jahren Magistra eines Klosters. Als sie mit 42 Jahren eine Vision bekommt, l\u00e4sst der Papst diese pr\u00fcfen und best\u00e4tigt ihre Sehergabe. Fortan erh\u00e4lt sie die Erlaubnis, ihre Visionen aufzuschreiben und damit an die \u00d6ffentlichkeit zu gehen. Sie wird nicht nur Beraterin vieler geistlicher und weltlicher W\u00fcrdentr\u00e4ger, sondern ber\u00e4t auch einfache Menschen. Hildegard interpretiert zudem liturgische Texte, beobachtet die Natur, benennt Missst\u00e4nde in Welt und Kirche, komponiert, malt und sieht den Menschen als Gesch\u00f6pf Gottes, das \u201eHimmel und Erde in sich selbst tr\u00e4gt.\u201c Krankheit entsteht, wenn die im Menschen angelegten Naturgesetze in ein Ungleichgewicht kommen.<\/span><br \/><span style=\"font-size: 12pt;\">Cordula Sauter spricht Hildegards Vita, die durch Fragen und Gedanken unserer Zeit erg\u00e4nzt werden und liest ausgew\u00e4hlte Briefe von ihr. Zudem werden Miniaturen von Hildegards Vision \u201eScivias\u201c mittels Beamer gezeigt. Musikst\u00fccke auf dem Akkordeon runden ihre Ann\u00e4herung an die Ber\u00fchmtheit des Mittelalters ab.<\/span><\/p>\r\n<h1><span style=\"font-size: 18pt;\"><span style=\"font-size: 12pt;\">Sonntag, 21. Juni 2020, 17 Uhr, <span style=\"color: #000000;\">Gro\u00dfer Saal<\/span><\/span><br \/>Stoltze f\u00fcr alle! <\/span><\/h1>\r\n<p><span style=\"font-size: 12pt;\">Michael Quast liest und spielt Gedichte und Geschichten des Frankfurter Mundartdichters und Satirikers Friedrich Stoltze beim F\u00f6rderverein Haus der Begegnung<\/span><\/p>\r\n<p style=\"text-align: justify;\"><img decoding=\"async\" loading=\"lazy\" class=\"alignleft  wp-image-1906\" src=\"http:\/\/www.foerderverein-hdb.de\/wp-content\/uploads\/2020\/03\/MQ_Stoltze_03-300x257.png\" alt=\"\" width=\"566\" height=\"488\" \/><span style=\"font-size: 10.0pt; font-family: 'Arial',sans-serif; color: black;\"><span style=\"font-size: 12pt;\">Immer wieder neu zu entdecken: Der lustigste und aufm\u00fcpfigste Frankfurter<\/span> <span style=\"font-size: 12pt;\">Dichter, der humorvolle Beobachter der Alt-Frankfurter Welt, der steckbrieflich<\/span> <span style=\"font-size: 12pt;\">gesuchte politische Journalist, mit einem Werk zwischen Rebellion und<\/span> <span style=\"font-size: 12pt;\">Biedermeier \u2013 Stoltze f\u00fcr alle!<\/span><br \/><span style=\"font-size: 12pt;\">Als begnadeter Poet beherrschte Stoltze den feinen Humor ebenso wie die derbe<\/span> <span style=\"font-size: 12pt;\">Pointe und schrieb \u00fcbrigens gut die H\u00e4lfte seiner Texte auf Hochdeutsch. Seinen<\/span> <span style=\"font-size: 12pt;\">Lebensunterhalt verdiente er als Herausgeber und Hauptautor der satirischen<\/span> <span style=\"font-size: 12pt;\">Wochenzeitung &#8222;Frankfurter Latern&#8220;, die wegen ihres Witzes und ihrer<\/span>\u00a0 <span style=\"font-size: 12pt;\">antipreussischen Haltung weit \u00fcber Frankfurt hinaus bekannt war.<\/span><br \/><span style=\"font-size: 12pt;\">Wenn Michael Quast mit beherztem Zugriff Gedichte zu neuem Leben<\/span> <span style=\"font-size: 12pt;\">erweckt und Geschichten in kleine H\u00f6rspiele verwandelt, kann Friedrich<\/span> <span style=\"font-size: 12pt;\">Stoltze wahrhaftig neu entdeckt werden.<\/span><br \/><\/span><\/p>\r\n","protected":false},"excerpt":{"rendered":"<p>Eins bis zwei Mal im Jahr bietet der F\u00f6rderverein Haus der Begegnung auch Kleinkunstabende an.Dazu nutzen wir das Foyer oder den Raum Altk\u00f6nig im Erdgeschoss. Der Raum Altk\u00f6nig hat mit der direkt angeschlossene Terrasse in der warmen Jahreszeit die sch\u00f6ne &hellip; <a href=\"http:\/\/www.foerderverein-hdb.de\/?page_id=1449\">Weiterlesen <span class=\"meta-nav\">&rarr;<\/span><\/a><\/p>\n","protected":false},"author":1,"featured_media":0,"parent":0,"menu_order":7,"comment_status":"closed","ping_status":"closed","template":"","meta":[],"_links":{"self":[{"href":"http:\/\/www.foerderverein-hdb.de\/index.php?rest_route=\/wp\/v2\/pages\/1449"}],"collection":[{"href":"http:\/\/www.foerderverein-hdb.de\/index.php?rest_route=\/wp\/v2\/pages"}],"about":[{"href":"http:\/\/www.foerderverein-hdb.de\/index.php?rest_route=\/wp\/v2\/types\/page"}],"author":[{"embeddable":true,"href":"http:\/\/www.foerderverein-hdb.de\/index.php?rest_route=\/wp\/v2\/users\/1"}],"replies":[{"embeddable":true,"href":"http:\/\/www.foerderverein-hdb.de\/index.php?rest_route=%2Fwp%2Fv2%2Fcomments&post=1449"}],"version-history":[{"count":33,"href":"http:\/\/www.foerderverein-hdb.de\/index.php?rest_route=\/wp\/v2\/pages\/1449\/revisions"}],"predecessor-version":[{"id":2193,"href":"http:\/\/www.foerderverein-hdb.de\/index.php?rest_route=\/wp\/v2\/pages\/1449\/revisions\/2193"}],"wp:attachment":[{"href":"http:\/\/www.foerderverein-hdb.de\/index.php?rest_route=%2Fwp%2Fv2%2Fmedia&parent=1449"}],"curies":[{"name":"wp","href":"https:\/\/api.w.org\/{rel}","templated":true}]}}